{"id":887,"date":"2025-11-07T20:04:12","date_gmt":"2025-11-07T19:04:12","guid":{"rendered":"https:\/\/catedraalcoi.webs.upv.es\/home\/"},"modified":"2025-11-11T22:37:04","modified_gmt":"2025-11-11T21:37:04","slug":"home","status":"publish","type":"page","link":"https:\/\/catedraalcoi.webs.upv.es\/ca\/","title":{"rendered":"Home"},"content":{"rendered":"\t\t<div data-elementor-type=\"wp-page\" data-elementor-id=\"887\" class=\"elementor elementor-887 elementor-32\" data-elementor-post-type=\"page\">\n\t\t\t\t<div class=\"elementor-element elementor-element-a7859f7 elementor-hidden-mobile e-flex e-con-boxed e-con e-parent\" data-id=\"a7859f7\" data-element_type=\"container\" data-e-type=\"container\" id=\"sliderHome\" data-settings=\"{&quot;background_background&quot;:&quot;video&quot;,&quot;background_video_link&quot;:&quot;https:\\\/\\\/catedraalcoi.webs.upv.es\\\/wp-content\\\/uploads\\\/catedra-video.mp4&quot;}\">\n\t\t\t\t\t<div class=\"e-con-inner\">\n\t\t<div class=\"elementor-background-video-container elementor-hidden-mobile\">\n\t\t\t\t\t\t\t<video class=\"elementor-background-video-hosted\" role=\"presentation\" autoplay muted playsinline loop><\/video>\n\t\t\t\t\t<\/div><div class=\"elementor-element elementor-element-08cd9d6 e-con-full e-flex e-con e-child\" data-id=\"08cd9d6\" data-element_type=\"container\" data-e-type=\"container\">\n\t\t\t\t<div class=\"elementor-element elementor-element-b051ae3 elementor-widget elementor-widget-heading\" data-id=\"b051ae3\" data-element_type=\"widget\" data-e-type=\"widget\" data-widget_type=\"heading.default\">\n\t\t\t\t\t<h1 class=\"elementor-heading-title elementor-size-default\">Alcoi ciutat del coneixement<\/h1>\t\t\t\t<\/div>\n\t\t\t\t<\/div>\n\t\t\t\t\t<\/div>\n\t\t\t\t<\/div>\n\t\t<div class=\"elementor-element elementor-element-72b6e63 elementor-hidden-desktop elementor-hidden-tablet e-flex e-con-boxed e-con e-parent\" data-id=\"72b6e63\" data-element_type=\"container\" data-e-type=\"container\" id=\"sliderHome\" data-settings=\"{&quot;background_background&quot;:&quot;classic&quot;}\">\n\t\t\t\t\t<div class=\"e-con-inner\">\n\t\t\t\t<div class=\"elementor-element elementor-element-113a3ff elementor-widget elementor-widget-heading\" data-id=\"113a3ff\" data-element_type=\"widget\" data-e-type=\"widget\" data-widget_type=\"heading.default\">\n\t\t\t\t\t<h1 class=\"elementor-heading-title elementor-size-default\">Alcoi ciutat del coneixement<\/h1>\t\t\t\t<\/div>\n\t\t\t\t\t<\/div>\n\t\t\t\t<\/div>\n\t\t<div class=\"elementor-element elementor-element-cce4937 e-flex e-con-boxed e-con e-parent\" data-id=\"cce4937\" data-element_type=\"container\" data-e-type=\"container\">\n\t\t\t\t\t<div class=\"e-con-inner\">\n\t\t<div class=\"elementor-element elementor-element-1ad3f50 e-con-full e-flex e-con e-child\" data-id=\"1ad3f50\" data-element_type=\"container\" data-e-type=\"container\" data-settings=\"{&quot;position&quot;:&quot;absolute&quot;}\">\n\t\t\t\t<div class=\"elementor-element elementor-element-17fac43 elementor-widget elementor-widget-heading\" data-id=\"17fac43\" data-element_type=\"widget\" data-e-type=\"widget\" data-widget_type=\"heading.default\">\n\t\t\t\t\t<h2 class=\"elementor-heading-title elementor-size-default\">Qui som<\/h2>\t\t\t\t<\/div>\n\t\t\t\t<\/div>\n\t\t\t\t\t<\/div>\n\t\t\t\t<\/div>\n\t\t<div class=\"elementor-element elementor-element-cfcf2d7 e-flex e-con-boxed e-con e-parent\" data-id=\"cfcf2d7\" data-element_type=\"container\" data-e-type=\"container\">\n\t\t\t\t\t<div class=\"e-con-inner\">\n\t\t<div class=\"elementor-element elementor-element-8de5ea0 e-con-full e-flex e-con e-child\" data-id=\"8de5ea0\" data-element_type=\"container\" data-e-type=\"container\">\n\t\t\t\t<div class=\"elementor-element elementor-element-b325e71 elementor-widget elementor-widget-heading\" data-id=\"b325e71\" data-element_type=\"widget\" data-e-type=\"widget\" data-widget_type=\"heading.default\">\n\t\t\t\t\t<h3 class=\"elementor-heading-title elementor-size-default\">Qui som - La C\u00e0tedra<\/h3>\t\t\t\t<\/div>\n\t\t\t\t<\/div>\n\t\t<div class=\"elementor-element elementor-element-f2f9a76 e-con-full e-flex e-con e-child\" data-id=\"f2f9a76\" data-element_type=\"container\" data-e-type=\"container\">\n\t\t\t\t<div class=\"elementor-element elementor-element-e2db890 elementor-widget elementor-widget-text-editor\" data-id=\"e2db890\" data-element_type=\"widget\" data-e-type=\"widget\" data-widget_type=\"text-editor.default\">\n\t\t\t\t\t\t\t\t\tL&#8217;objecte d&#8217;esta C\u00e0tedra \u00e9s l&#8217;establiment d&#8217;un marc d&#8217;actuaci\u00f3 per a la col\u00b7laboraci\u00f3 entre la EPSA i l&#8217;Ajuntament d&#8217;Alcoi, a trav\u00e9s del qual les 2 institucions tenen la intenci\u00f3 de realitzar diverses activitats conjuntes. Estes activitats es concreten en diferents esdeveniments encaminats al foment i difusi\u00f3 de la ci\u00e8ncia en diferents etapes educatives, concretament estan destinades a alumnes de Prim\u00e0ria (M\u00e0gia de la Ci\u00e8ncia), Secund\u00e0ria (Setmana Jove de la Ci\u00e8ncia), Batxiller i Cicles formatius (concursos) i estudiants universitaris (projectes d&#8217;alumnes i intercanvi acad\u00e8mic) i la societat en general (Setmana de la Ci\u00e8ncia, la Universitat d&#8217;Estiu i Expociencia).\t\t\t\t\t\t\t\t<\/div>\n\t\t\t\t<\/div>\n\t\t\t\t\t<\/div>\n\t\t\t\t<\/div>\n\t\t<div class=\"elementor-element elementor-element-d7ba5d2 e-flex e-con-boxed e-con e-parent\" data-id=\"d7ba5d2\" data-element_type=\"container\" data-e-type=\"container\">\n\t\t\t\t\t<div class=\"e-con-inner\">\n\t\t<div class=\"elementor-element elementor-element-a16237c e-con-full e-flex e-con e-child\" data-id=\"a16237c\" data-element_type=\"container\" data-e-type=\"container\" data-settings=\"{&quot;background_background&quot;:&quot;classic&quot;}\">\n\t\t\t\t<\/div>\n\t\t<div class=\"elementor-element elementor-element-ba8eab9 e-con-full e-flex e-con e-child\" data-id=\"ba8eab9\" data-element_type=\"container\" data-e-type=\"container\" data-settings=\"{&quot;background_background&quot;:&quot;classic&quot;}\">\n\t\t\t\t<\/div>\n\t\t\t\t\t<\/div>\n\t\t\t\t<\/div>\n\t\t<div class=\"elementor-element elementor-element-50d2491 e-flex e-con-boxed e-con e-parent\" data-id=\"50d2491\" data-element_type=\"container\" data-e-type=\"container\">\n\t\t\t\t\t<div class=\"e-con-inner\">\n\t\t<div class=\"elementor-element elementor-element-6e54580 e-con-full e-flex e-con e-child\" data-id=\"6e54580\" data-element_type=\"container\" data-e-type=\"container\" data-settings=\"{&quot;background_background&quot;:&quot;classic&quot;}\">\n\t\t\t\t<\/div>\n\t\t<div class=\"elementor-element elementor-element-b8dd1b0 e-con-full e-flex e-con e-child\" data-id=\"b8dd1b0\" data-element_type=\"container\" data-e-type=\"container\" data-settings=\"{&quot;background_background&quot;:&quot;classic&quot;}\">\n\t\t\t\t<\/div>\n\t\t\t\t\t<\/div>\n\t\t\t\t<\/div>\n\t\t<div class=\"elementor-element elementor-element-912c4a4 e-flex e-con-boxed e-con e-parent\" data-id=\"912c4a4\" data-element_type=\"container\" data-e-type=\"container\" data-settings=\"{&quot;background_background&quot;:&quot;classic&quot;}\">\n\t\t\t\t\t<div class=\"e-con-inner\">\n\t\t\t\t<div class=\"elementor-element elementor-element-433a37c elementor-widget elementor-widget-heading\" data-id=\"433a37c\" data-element_type=\"widget\" data-e-type=\"widget\" data-widget_type=\"heading.default\">\n\t\t\t\t\t<h2 class=\"elementor-heading-title elementor-size-default\">Resultats que parlen per si sols<\/h2>\t\t\t\t<\/div>\n\t\t<div class=\"elementor-element elementor-element-7afa8c9 e-con-full e-flex e-con e-child\" data-id=\"7afa8c9\" data-element_type=\"container\" data-e-type=\"container\" id=\"counterHome\">\n\t\t<div class=\"elementor-element elementor-element-a8f3d84 e-con-full e-flex e-con e-child\" data-id=\"a8f3d84\" data-element_type=\"container\" data-e-type=\"container\">\n\t\t\t\t<div class=\"elementor-element elementor-element-e4345c8 elementor-widget elementor-widget-counter\" data-id=\"e4345c8\" data-element_type=\"widget\" data-e-type=\"widget\" data-widget_type=\"counter.default\">\n\t\t\t\t\t\t\t<div class=\"elementor-counter\">\n\t\t\t<div class=\"elementor-counter-title\">La C\u00e0tedra Alcoi es va fundar en 2014, amb l'objectiu de promoure la investigaci\u00f3 i el desenrotllament.<\/div>\t\t\t<div class=\"elementor-counter-number-wrapper\">\n\t\t\t\t<span class=\"elementor-counter-number-prefix\"><\/span>\n\t\t\t\t<span class=\"elementor-counter-number\" data-duration=\"2000\" data-to-value=\"2014\" data-from-value=\"1900\">1900<\/span>\n\t\t\t\t<span class=\"elementor-counter-number-suffix\"><\/span>\n\t\t\t<\/div>\n\t\t<\/div>\n\t\t\t\t\t\t<\/div>\n\t\t\t\t<\/div>\n\t\t<div class=\"elementor-element elementor-element-8d9b63d e-con-full e-flex e-con e-child\" data-id=\"8d9b63d\" data-element_type=\"container\" data-e-type=\"container\">\n\t\t\t\t<div class=\"elementor-element elementor-element-91aab60 elementor-widget elementor-widget-counter\" data-id=\"91aab60\" data-element_type=\"widget\" data-e-type=\"widget\" data-widget_type=\"counter.default\">\n\t\t\t\t\t\t\t<div class=\"elementor-counter\">\n\t\t\t<div class=\"elementor-counter-title\">M\u00e9s de 1640 alumnes han format part de La C\u00e0tedra.<\/div>\t\t\t<div class=\"elementor-counter-number-wrapper\">\n\t\t\t\t<span class=\"elementor-counter-number-prefix\">+<\/span>\n\t\t\t\t<span class=\"elementor-counter-number\" data-duration=\"2000\" data-to-value=\"1640\" data-from-value=\"500\" data-delimiter=\",\">500<\/span>\n\t\t\t\t<span class=\"elementor-counter-number-suffix\"><\/span>\n\t\t\t<\/div>\n\t\t<\/div>\n\t\t\t\t\t\t<\/div>\n\t\t\t\t<\/div>\n\t\t<div class=\"elementor-element elementor-element-c74d361 e-con-full e-flex e-con e-child\" data-id=\"c74d361\" data-element_type=\"container\" data-e-type=\"container\">\n\t\t\t\t<div class=\"elementor-element elementor-element-77f1420 elementor-widget elementor-widget-counter\" data-id=\"77f1420\" data-element_type=\"widget\" data-e-type=\"widget\" data-widget_type=\"counter.default\">\n\t\t\t\t\t\t\t<div class=\"elementor-counter\">\n\t\t\t<div class=\"elementor-counter-title\">9 de cada 10 alumnes a valorat positivament l'actuaci\u00f3 entre la EPSA i l'ajuntament.<\/div>\t\t\t<div class=\"elementor-counter-number-wrapper\">\n\t\t\t\t<span class=\"elementor-counter-number-prefix\"><\/span>\n\t\t\t\t<span class=\"elementor-counter-number\" data-duration=\"2000\" data-to-value=\"9\" data-from-value=\"0\">0<\/span>\n\t\t\t\t<span class=\"elementor-counter-number-suffix\">\/10<\/span>\n\t\t\t<\/div>\n\t\t<\/div>\n\t\t\t\t\t\t<\/div>\n\t\t\t\t<\/div>\n\t\t<div class=\"elementor-element elementor-element-cfd1075 e-con-full e-flex e-con e-child\" data-id=\"cfd1075\" data-element_type=\"container\" data-e-type=\"container\">\n\t\t\t\t<div class=\"elementor-element elementor-element-759e0be elementor-widget elementor-widget-counter\" data-id=\"759e0be\" data-element_type=\"widget\" data-e-type=\"widget\" data-widget_type=\"counter.default\">\n\t\t\t\t\t\t\t<div class=\"elementor-counter\">\n\t\t\t<div class=\"elementor-counter-title\">L'objecte d'esta C\u00e0tedra \u00e9s l'establiment d'un marc.<\/div>\t\t\t<div class=\"elementor-counter-number-wrapper\">\n\t\t\t\t<span class=\"elementor-counter-number-prefix\"><\/span>\n\t\t\t\t<span class=\"elementor-counter-number\" data-duration=\"2000\" data-to-value=\"43\" data-from-value=\"0\">0<\/span>\n\t\t\t\t<span class=\"elementor-counter-number-suffix\">%<\/span>\n\t\t\t<\/div>\n\t\t<\/div>\n\t\t\t\t\t\t<\/div>\n\t\t\t\t<\/div>\n\t\t\t\t<\/div>\n\t\t\t\t\t<\/div>\n\t\t\t\t<\/div>\n\t\t<div class=\"elementor-element elementor-element-0149052 e-con-full e-flex e-con e-parent\" data-id=\"0149052\" data-element_type=\"container\" data-e-type=\"container\">\n\t\t\t\t<div class=\"elementor-element elementor-element-380351f textstroke elementor-widget elementor-widget-heading\" data-id=\"380351f\" data-element_type=\"widget\" data-e-type=\"widget\" data-widget_type=\"heading.default\">\n\t\t\t\t\t<h2 class=\"elementor-heading-title elementor-size-default\">Activitats<\/h2>\t\t\t\t<\/div>\n\t\t\t\t<\/div>\n\t\t<div class=\"elementor-element elementor-element-565cb15 elementor-hidden-tablet elementor-hidden-mobile e-flex e-con-boxed e-con e-parent\" data-id=\"565cb15\" data-element_type=\"container\" data-e-type=\"container\">\n\t\t\t\t\t<div class=\"e-con-inner\">\n\t\t<a class=\"elementor-element elementor-element-e50594a e-con-full bg_multiply e-flex e-con e-child\" data-id=\"e50594a\" data-element_type=\"container\" data-e-type=\"container\" data-settings=\"{&quot;background_background&quot;:&quot;classic&quot;}\" href=\"https:\/\/catedraalcoi.webs.upv.es\/la-catedra\/\">\n\t\t\t\t<div class=\"elementor-element elementor-element-aed3141 elementor-widget elementor-widget-heading\" data-id=\"aed3141\" data-element_type=\"widget\" data-e-type=\"widget\" data-widget_type=\"heading.default\">\n\t\t\t\t\t<h4 class=\"elementor-heading-title elementor-size-default\">Difusi\u00f3<\/h4>\t\t\t\t<\/div>\n\t\t\t\t<div class=\"elementor-element elementor-element-5936b73 elementor-absolute descHover elementor-widget elementor-widget-text-editor\" data-id=\"5936b73\" data-element_type=\"widget\" data-e-type=\"widget\" data-settings=\"{&quot;_position&quot;:&quot;absolute&quot;}\" data-widget_type=\"text-editor.default\">\n\t\t\t\t\t\t\t\t\tExplora les nostres not\u00edcies i esdeveniments. Connecta&#8217;t per a estar al corrent de tot en la nostra universitat.\t\t\t\t\t\t\t\t<\/div>\n\t\t\t\t<\/a>\n\t\t<a class=\"elementor-element elementor-element-8aa5f71 e-con-full bg_multiply e-flex e-con e-child\" data-id=\"8aa5f71\" data-element_type=\"container\" data-e-type=\"container\" data-settings=\"{&quot;background_background&quot;:&quot;classic&quot;}\" href=\"https:\/\/catedraalcoi.webs.upv.es\/la-catedra\/\">\n\t\t\t\t<div class=\"elementor-element elementor-element-2bf8ccc elementor-widget elementor-widget-heading\" data-id=\"2bf8ccc\" data-element_type=\"widget\" data-e-type=\"widget\" data-widget_type=\"heading.default\">\n\t\t\t\t\t<h4 class=\"elementor-heading-title elementor-size-default\">Concursos<\/h4>\t\t\t\t<\/div>\n\t\t\t\t<div class=\"elementor-element elementor-element-8079f64 elementor-absolute descHover elementor-widget elementor-widget-text-editor\" data-id=\"8079f64\" data-element_type=\"widget\" data-e-type=\"widget\" data-settings=\"{&quot;_position&quot;:&quot;absolute&quot;}\" data-widget_type=\"text-editor.default\">\n\t\t\t\t\t\t\t\t\t<p>Explora les nostres not\u00edcies i esdeveniments. Connecta&#8217;t per a estar al corrent de tot en la nostra universitat.<\/p>\t\t\t\t\t\t\t\t<\/div>\n\t\t\t\t<\/a>\n\t\t<a class=\"elementor-element elementor-element-c2f4041 e-con-full bg_multiply e-flex e-con e-child\" data-id=\"c2f4041\" data-element_type=\"container\" data-e-type=\"container\" data-settings=\"{&quot;background_background&quot;:&quot;classic&quot;}\" href=\"https:\/\/catedraalcoi.webs.upv.es\/la-catedra\/\">\n\t\t\t\t<div class=\"elementor-element elementor-element-0de72fa elementor-widget elementor-widget-heading\" data-id=\"0de72fa\" data-element_type=\"widget\" data-e-type=\"widget\" data-widget_type=\"heading.default\">\n\t\t\t\t\t<h4 class=\"elementor-heading-title elementor-size-default\">Jornades<\/h4>\t\t\t\t<\/div>\n\t\t\t\t<div class=\"elementor-element elementor-element-0ab9a78 elementor-absolute descHover elementor-widget elementor-widget-text-editor\" data-id=\"0ab9a78\" data-element_type=\"widget\" data-e-type=\"widget\" data-settings=\"{&quot;_position&quot;:&quot;absolute&quot;}\" data-widget_type=\"text-editor.default\">\n\t\t\t\t\t\t\t\t\tExplora les nostres not\u00edcies i esdeveniments. Connecta&#8217;t per a estar al corrent de tot en la nostra universitat.\t\t\t\t\t\t\t\t<\/div>\n\t\t\t\t<\/a>\n\t\t\t\t\t<\/div>\n\t\t\t\t<\/div>\n\t\t<div class=\"elementor-element elementor-element-f8f1009 elementor-hidden-desktop e-flex e-con-boxed e-con e-parent\" data-id=\"f8f1009\" data-element_type=\"container\" data-e-type=\"container\">\n\t\t\t\t\t<div class=\"e-con-inner\">\n\t\t\t\t<div class=\"elementor-element elementor-element-710dd2e elementor-widget elementor-widget-n-carousel\" data-id=\"710dd2e\" data-element_type=\"widget\" data-e-type=\"widget\" data-settings=\"{&quot;carousel_items&quot;:[{&quot;slide_title&quot;:&quot;Diapositiva n\\u00ba 1&quot;,&quot;_id&quot;:&quot;e25087b&quot;},{&quot;slide_title&quot;:&quot;Diapositiva n\\u00ba 1&quot;,&quot;_id&quot;:&quot;b6bc8d1&quot;},{&quot;slide_title&quot;:&quot;Diapositiva n\\u00ba 1&quot;,&quot;_id&quot;:&quot;987e191&quot;}],&quot;slides_to_scroll_tablet&quot;:&quot;1&quot;,&quot;slides_to_scroll_mobile&quot;:&quot;1&quot;,&quot;offset_sides&quot;:&quot;right&quot;,&quot;image_spacing_custom&quot;:{&quot;unit&quot;:&quot;px&quot;,&quot;size&quot;:16,&quot;sizes&quot;:[]},&quot;slides_to_show_tablet&quot;:&quot;2&quot;,&quot;slides_to_show_mobile&quot;:&quot;1&quot;,&quot;infinite&quot;:&quot;yes&quot;,&quot;speed&quot;:500,&quot;offset_width&quot;:{&quot;unit&quot;:&quot;px&quot;,&quot;size&quot;:80,&quot;sizes&quot;:[]},&quot;offset_width_tablet&quot;:{&quot;unit&quot;:&quot;px&quot;,&quot;size&quot;:&quot;&quot;,&quot;sizes&quot;:[]},&quot;offset_width_mobile&quot;:{&quot;unit&quot;:&quot;px&quot;,&quot;size&quot;:&quot;&quot;,&quot;sizes&quot;:[]},&quot;image_spacing_custom_tablet&quot;:{&quot;unit&quot;:&quot;px&quot;,&quot;size&quot;:&quot;&quot;,&quot;sizes&quot;:[]},&quot;image_spacing_custom_mobile&quot;:{&quot;unit&quot;:&quot;px&quot;,&quot;size&quot;:&quot;&quot;,&quot;sizes&quot;:[]}}\" data-widget_type=\"nested-carousel.default\">\n\t\t\t\t\t\t\t<div class=\"e-n-carousel swiper\" role=\"region\" aria-roledescription=\"carousel\" aria-label=\"Carrusel\" dir=\"ltr\">\n\t\t\t<div class=\"swiper-wrapper\" aria-live=\"polite\">\n\t\t\t\t\t\t\t\t\t\t<div class=\"swiper-slide\" data-slide=\"1\" role=\"group\" aria-roledescription=\"slide\" aria-label=\"1 of 3\">\n\t\t\t\t\t\t\t<div class=\"elementor-element elementor-element-0bf4d8a e-con-full e-flex e-con e-child\" data-id=\"0bf4d8a\" data-element_type=\"container\" data-e-type=\"container\">\n\t\t<a class=\"elementor-element elementor-element-fdbcaa1 e-con-full bg_multiply e-flex e-con e-child\" data-id=\"fdbcaa1\" data-element_type=\"container\" data-e-type=\"container\" data-settings=\"{&quot;background_background&quot;:&quot;classic&quot;}\" href=\"https:\/\/catedraalcoi.webs.upv.es\/la-catedra\/\">\n\t\t\t\t<div class=\"elementor-element elementor-element-7f32271 elementor-widget elementor-widget-heading\" data-id=\"7f32271\" data-element_type=\"widget\" data-e-type=\"widget\" data-widget_type=\"heading.default\">\n\t\t\t\t\t<h4 class=\"elementor-heading-title elementor-size-default\">Difusi\u00f3n<\/h4>\t\t\t\t<\/div>\n\t\t\t\t<div class=\"elementor-element elementor-element-141d5b2 elementor-absolute descHover elementor-widget elementor-widget-text-editor\" data-id=\"141d5b2\" data-element_type=\"widget\" data-e-type=\"widget\" data-settings=\"{&quot;_position&quot;:&quot;absolute&quot;}\" data-widget_type=\"text-editor.default\">\n\t\t\t\t\t\t\t\t\t<p>Explora nuestras noticias y eventos. Con\u00e9ctate para estar al tanto de todo en nuestra universidad.<\/p>\n\t\t\t\t\t\t\t\t<\/div>\n\t\t\t\t<\/a>\n\t\t\t\t<\/div>\n\t\t\t\t\t\t\t\t<\/div>\n\t\t\t\t\t\t\t\t\t\t\t<div class=\"swiper-slide\" data-slide=\"2\" role=\"group\" aria-roledescription=\"slide\" aria-label=\"2 of 3\">\n\t\t\t\t\t\t\t<div class=\"elementor-element elementor-element-780850f e-flex e-con-boxed e-con e-child\" data-id=\"780850f\" data-element_type=\"container\" data-e-type=\"container\">\n\t\t\t\t\t<div class=\"e-con-inner\">\n\t\t<a class=\"elementor-element elementor-element-c2d3266 e-con-full bg_multiply e-flex e-con e-child\" data-id=\"c2d3266\" data-element_type=\"container\" data-e-type=\"container\" data-settings=\"{&quot;background_background&quot;:&quot;classic&quot;}\" href=\"https:\/\/catedraalcoi.webs.upv.es\/la-catedra\/\">\n\t\t\t\t<div class=\"elementor-element elementor-element-136b052 elementor-widget elementor-widget-heading\" data-id=\"136b052\" data-element_type=\"widget\" data-e-type=\"widget\" data-widget_type=\"heading.default\">\n\t\t\t\t\t<h4 class=\"elementor-heading-title elementor-size-default\">Concursos<\/h4>\t\t\t\t<\/div>\n\t\t\t\t<div class=\"elementor-element elementor-element-2b1701f elementor-absolute descHover elementor-widget elementor-widget-text-editor\" data-id=\"2b1701f\" data-element_type=\"widget\" data-e-type=\"widget\" data-settings=\"{&quot;_position&quot;:&quot;absolute&quot;}\" data-widget_type=\"text-editor.default\">\n\t\t\t\t\t\t\t\t\t<p>Explora nuestras noticias y eventos. Con\u00e9ctate para estar al tanto de todo en nuestra universidad.<\/p>\n\t\t\t\t\t\t\t\t<\/div>\n\t\t\t\t<\/a>\n\t\t\t\t\t<\/div>\n\t\t\t\t<\/div>\n\t\t\t\t\t\t\t\t<\/div>\n\t\t\t\t\t\t\t\t\t\t\t<div class=\"swiper-slide\" data-slide=\"3\" role=\"group\" aria-roledescription=\"slide\" aria-label=\"3 of 3\">\n\t\t\t\t\t\t\t<div class=\"elementor-element elementor-element-27c8f80 e-flex e-con-boxed e-con e-child\" data-id=\"27c8f80\" data-element_type=\"container\" data-e-type=\"container\">\n\t\t\t\t\t<div class=\"e-con-inner\">\n\t\t<a class=\"elementor-element elementor-element-40d6d51 e-con-full bg_multiply e-flex e-con e-child\" data-id=\"40d6d51\" data-element_type=\"container\" data-e-type=\"container\" data-settings=\"{&quot;background_background&quot;:&quot;classic&quot;}\" href=\"https:\/\/catedraalcoi.webs.upv.es\/la-catedra\/\">\n\t\t\t\t<div class=\"elementor-element elementor-element-08e6044 elementor-widget elementor-widget-heading\" data-id=\"08e6044\" data-element_type=\"widget\" data-e-type=\"widget\" data-widget_type=\"heading.default\">\n\t\t\t\t\t<h4 class=\"elementor-heading-title elementor-size-default\">Jornadas<\/h4>\t\t\t\t<\/div>\n\t\t\t\t<div class=\"elementor-element elementor-element-dfce392 elementor-absolute descHover elementor-widget elementor-widget-text-editor\" data-id=\"dfce392\" data-element_type=\"widget\" data-e-type=\"widget\" data-settings=\"{&quot;_position&quot;:&quot;absolute&quot;}\" data-widget_type=\"text-editor.default\">\n\t\t\t\t\t\t\t\t\t<p>Explora nuestras noticias y eventos. Con\u00e9ctate para estar al tanto de todo en nuestra universidad.<\/p>\n\t\t\t\t\t\t\t\t<\/div>\n\t\t\t\t<\/a>\n\t\t\t\t\t<\/div>\n\t\t\t\t<\/div>\n\t\t\t\t\t\t\t\t<\/div>\n\t\t\t\t\t\t\t\t<\/div>\n\t\t<\/div>\n\t\t\t\t\t\t<\/div>\n\t\t\t\t\t<\/div>\n\t\t\t\t<\/div>\n\t\t<div class=\"elementor-element elementor-element-14a8390 e-flex e-con-boxed e-con e-parent\" data-id=\"14a8390\" data-element_type=\"container\" data-e-type=\"container\">\n\t\t\t\t\t<div class=\"e-con-inner\">\n\t\t\t\t\t<\/div>\n\t\t\t\t<\/div>\n\t\t\t\t<\/div>\n\t\t","protected":false},"excerpt":{"rendered":"<p>Alcoi ciutat del coneixement Alcoi ciutat del coneixement Qui som Qui som &#8211; La C\u00e0tedra L&#8217;objecte d&#8217;esta C\u00e0tedra \u00e9s l&#8217;establiment d&#8217;un marc d&#8217;actuaci\u00f3 per a la col\u00b7laboraci\u00f3 entre la EPSA i l&#8217;Ajuntament d&#8217;Alcoi, a trav\u00e9s del qual les 2 institucions tenen la intenci\u00f3 de realitzar diverses activitats conjuntes. Estes activitats es concreten en diferents esdeveniments [&hellip;]<\/p>\n","protected":false},"author":1,"featured_media":0,"parent":0,"menu_order":0,"comment_status":"closed","ping_status":"closed","template":"elementor_header_footer","meta":{"_acf_changed":false,"footnotes":""},"class_list":["post-887","page","type-page","status-publish","hentry"],"acf":[],"_links":{"self":[{"href":"https:\/\/catedraalcoi.webs.upv.es\/ca\/wp-json\/wp\/v2\/pages\/887","targetHints":{"allow":["GET"]}}],"collection":[{"href":"https:\/\/catedraalcoi.webs.upv.es\/ca\/wp-json\/wp\/v2\/pages"}],"about":[{"href":"https:\/\/catedraalcoi.webs.upv.es\/ca\/wp-json\/wp\/v2\/types\/page"}],"author":[{"embeddable":true,"href":"https:\/\/catedraalcoi.webs.upv.es\/ca\/wp-json\/wp\/v2\/users\/1"}],"replies":[{"embeddable":true,"href":"https:\/\/catedraalcoi.webs.upv.es\/ca\/wp-json\/wp\/v2\/comments?post=887"}],"version-history":[{"count":12,"href":"https:\/\/catedraalcoi.webs.upv.es\/ca\/wp-json\/wp\/v2\/pages\/887\/revisions"}],"predecessor-version":[{"id":914,"href":"https:\/\/catedraalcoi.webs.upv.es\/ca\/wp-json\/wp\/v2\/pages\/887\/revisions\/914"}],"wp:attachment":[{"href":"https:\/\/catedraalcoi.webs.upv.es\/ca\/wp-json\/wp\/v2\/media?parent=887"}],"curies":[{"name":"wp","href":"https:\/\/api.w.org\/{rel}","templated":true}]}}